{"id":238608,"date":"2023-08-23T15:00:02","date_gmt":"2023-08-23T13:00:02","guid":{"rendered":"https:\/\/gabrielsegitseg.hu\/v2\/?page_id=238608"},"modified":"2023-09-19T20:17:10","modified_gmt":"2023-09-19T18:17:10","slug":"238608-2","status":"publish","type":"page","link":"https:\/\/gabrielsegitseg.hu\/v2\/238608-2\/","title":{"rendered":"Adom\u00e1nyoz\u00e1s (\u00faj)"},"content":{"rendered":"<p>[et_pb_section fb_built=&#8221;1&#8243; admin_label=&#8221;Header&#8221; _builder_version=&#8221;4.17.6&#8243; _module_preset=&#8221;default&#8221; use_background_color_gradient=&#8221;on&#8221; background_color_gradient_stops=&#8221;rgba(52,33,7,0.7) 0%|rgba(52,33,7,0.7) 100%&#8221; background_color_gradient_overlays_image=&#8221;on&#8221; background_image=&#8221;https:\/\/gabrielsegitseg.hu\/v2\/wp-content\/uploads\/2021\/07\/wallpaper.jpg&#8221; locked=&#8221;off&#8221; collapsed=&#8221;on&#8221; global_colors_info=&#8221;{}&#8221;][et_pb_row _builder_version=&#8221;4.21.0&#8243; _module_preset=&#8221;default&#8221; global_colors_info=&#8221;{}&#8221;][et_pb_column type=&#8221;4_4&#8243; _builder_version=&#8221;4.21.0&#8243; _module_preset=&#8221;default&#8221; global_colors_info=&#8221;{}&#8221;][et_pb_text _builder_version=&#8221;4.21.0&#8243; _module_preset=&#8221;63511aaf-e035-46cc-bd6d-420abf1fd30c&#8221; header_text_color=&#8221;#FFFFFF&#8221; inline_fonts=&#8221;Work Sans,Arial&#8221; global_colors_info=&#8221;{%22gcid-4a53c4f2-10a4-4df5-aae5-66892dee9e02%22:%91%22header_text_color%22%93}&#8221;]<\/p>\n<h1><span style=\"font-family: Arial;\">ADOM\u00c1NYOZ\u00c1S<\/span><\/h1>\n<p>[\/et_pb_text][\/et_pb_column][\/et_pb_row][\/et_pb_section][et_pb_section fb_built=&#8221;1&#8243; admin_label=&#8221;Call to Action&#8221; _builder_version=&#8221;4.17.6&#8243; _module_preset=&#8221;default&#8221; background_color=&#8221;gcid-e787f6e4-87be-4325-83ae-4380ef468485&#8243; collapsed=&#8221;on&#8221; global_colors_info=&#8221;{%22gcid-e787f6e4-87be-4325-83ae-4380ef468485%22:%91%22background_color%22%93}&#8221;][et_pb_row _builder_version=&#8221;4.17.6&#8243; _module_preset=&#8221;default&#8221; max_width=&#8221;900px&#8221; animation_style=&#8221;slide&#8221; animation_duration=&#8221;1750ms&#8221; animation_delay=&#8221;250ms&#8221; global_colors_info=&#8221;{}&#8221;][et_pb_column type=&#8221;4_4&#8243; _builder_version=&#8221;4.21.0&#8243; _module_preset=&#8221;default&#8221; global_colors_info=&#8221;{}&#8221;][et_pb_text _builder_version=&#8221;4.21.0&#8243; _module_preset=&#8221;73681435-af33-4b9f-b6fe-f7ed54d7e884&#8243; header_3_text_color=&#8221;gcid-4a53c4f2-10a4-4df5-aae5-66892dee9e02&#8243; text_orientation=&#8221;center&#8221; locked=&#8221;off&#8221; inline_fonts=&#8221;Work Sans,Arial&#8221; global_colors_info=&#8221;{%22gcid-4a53c4f2-10a4-4df5-aae5-66892dee9e02%22:%91%22header_3_text_color%22%93}&#8221;]<\/p>\n<h3><span style=\"font-family: Arial; color: #801638; font-weight: normal;\">MIR\u0150L SZ\u00d3L \u00c9S MI A FELADATUNK?<\/span><\/h3>\n<p>[\/et_pb_text][et_pb_text _builder_version=&#8221;4.17.6&#8243; _module_preset=&#8221;b5371408-7e4c-4160-a57d-5bca8d49d171&#8243; text_text_color=&#8221;#000000&#8243; text_orientation=&#8221;center&#8221; locked=&#8221;off&#8221; global_colors_info=&#8221;{}&#8221;]<\/p>\n<p><span style=\"font-weight: 400;\">A G\u00e1briel Seg\u00edt\u0151 K\u00f6z\u00f6ss\u00e9g \u00f6nk\u00e9ntes csapata t\u00f6bbf\u00e9le form\u00e1ban v\u00e1rja felaj\u00e1nl\u00e1saikat.\u00a0<\/span><\/p>\n<p><span style=\"font-weight: 400;\">Egyes\u00fclet\u00fcnk\u00f6n kereszt\u00fcl mag\u00e1nszem\u00e9lyk\u00e9nt \u00e9s c\u00e9ges form\u00e1ban is van lehet\u0151s\u00e9g felaj\u00e1nl\u00e1sra.<\/span><\/p>\n<p><span style=\"font-weight: 400;\">\u00a0Ruhanem\u0171t, tart\u00f3s \u00e9lelmiszert, tiszt\u00edt\u00f3- \u00e9s tiszt\u00e1lkod\u00f3 szereket, b\u00fatorokat, j\u00e1t\u00e9kokat \u00e9s olyan haszn\u00e1lati t\u00e1rgyakat, amelyekre egy csal\u00e1dnak sz\u00fcks\u00e9ge van.<\/span><\/p>\n<p><span style=\"font-weight: 400;\">A t\u00e1rgyi felaj\u00e1nl\u00e1sokon k\u00edv\u00fcl egy\u00e9b hasznos szolg\u00e1ltat\u00e1sok felaj\u00e1nl\u00e1s\u00e1t is sz\u00edvesen fogadjuk \u00e9s k\u00f6zvet\u00edtj\u00fck, \u00fagymint: villany-, v\u00edz-, g\u00e1z- f\u0171t\u00e9sszerel\u00e9s, fest\u00e9s, egy\u00e9b munk\u00e1k.<\/span><span style=\"font-weight: 400;\"><\/span><\/p>\n<p><b>Orsz\u00e1gszerte fogadjuk \u00f6nk\u00e9ntesek jelentkez\u00e9s\u00e9t<\/b><span style=\"font-weight: 400;\">, akik a felaj\u00e1nlott adom\u00e1nyok <\/span><b>kisz\u00e1ll\u00edt\u00e1s\u00e1ban \u00e9s \u00e1tad\u00e1s\u00e1ban<\/b><span style=\"font-weight: 400;\"> tudnak alkalmank\u00e9nt vagy rendszeresen seg\u00edteni.<\/span><\/p>\n<p><span style=\"font-weight: 400;\">A felaj\u00e1nl\u00e1sokat minden esetben szem\u00e9lyesen mi vagy \u00f6nk\u00e9nteseink adj\u00e1k \u00e1t, \u00edgy adom\u00e1nyoz\u00f3ink is biztosak lehetnek abban, hogy felaj\u00e1nl\u00e1saik olyan helyre ker\u00fclnek, ahol a legnagyobb sz\u00fcks\u00e9g van r\u00e1juk.<\/span><\/p>\n<p>[\/et_pb_text][et_pb_button button_text=&#8221;Adom\u00e1ny\u00e1tad\u00e1sok&#8221; button_alignment=&#8221;center&#8221; _builder_version=&#8221;4.17.6&#8243; _module_preset=&#8221;e9610ce7-4abf-4134-ba1f-bb8e77f11b11&#8243; button_bg_color=&#8221;#801638&#8243; hover_enabled=&#8221;0&#8243; locked=&#8221;off&#8221; global_colors_info=&#8221;{}&#8221; sticky_enabled=&#8221;0&#8243; button_url=&#8221;https:\/\/gabrielsegitseg.hu\/v2\/238801-2\/&#8221;][\/et_pb_button][\/et_pb_column][\/et_pb_row][\/et_pb_section][et_pb_section fb_built=&#8221;1&#8243; admin_label=&#8221;Services&#8221; _builder_version=&#8221;4.21.0&#8243; _module_preset=&#8221;default&#8221; locked=&#8221;off&#8221; collapsed=&#8221;on&#8221; global_colors_info=&#8221;{}&#8221;][et_pb_row column_structure=&#8221;1_3,1_3,1_3&#8243; _builder_version=&#8221;4.21.0&#8243; _module_preset=&#8221;default&#8221; saved_tabs=&#8221;all&#8221; global_colors_info=&#8221;{}&#8221;][et_pb_column type=&#8221;1_3&#8243; _builder_version=&#8221;4.21.0&#8243; _module_preset=&#8221;default&#8221; global_colors_info=&#8221;{}&#8221;][et_pb_image src=&#8221;https:\/\/gabrielsegitseg.hu\/v2\/wp-content\/uploads\/2023\/08\/IMG-57491.jpg&#8221; title_text=&#8221;IMG-5749%911%93&#8243; _builder_version=&#8221;4.17.6&#8243; _module_preset=&#8221;default&#8221; global_colors_info=&#8221;{}&#8221;][\/et_pb_image][et_pb_text _builder_version=&#8221;4.17.6&#8243; _module_preset=&#8221;c943e492-8b79-4a6c-bc8f-b18a75d3ee26&#8243; header_5_text_color=&#8221;gcid-a2350b10-418b-42fb-a64f-595e76ef52f3&#8243; custom_margin=&#8221;||0px||false|false&#8221; custom_padding=&#8221;2px|||||&#8221; animation_style=&#8221;flip&#8221; animation_direction=&#8221;bottom&#8221; animation_duration=&#8221;1850ms&#8221; animation_delay=&#8221;1300ms&#8221; inline_fonts=&#8221;Work Sans&#8221; global_colors_info=&#8221;{%22gcid-a2350b10-418b-42fb-a64f-595e76ef52f3%22:%91%22header_5_text_color%22%93}&#8221;]<\/p>\n<h5><span style=\"font-family: Work Sans; color: #801638;\">\u00c1ltal\u00e1nos adom\u00e1nyoz\u00e1s<\/span><\/h5>\n<p>[\/et_pb_text][et_pb_text _builder_version=&#8221;4.17.6&#8243; _module_preset=&#8221;b29ff0c6-372b-4c3e-aacc-759599f2df7b&#8221; text_text_color=&#8221;#000000&#8243; custom_padding=&#8221;0px|||||&#8221; animation_style=&#8221;flip&#8221; animation_direction=&#8221;bottom&#8221; animation_duration=&#8221;1850ms&#8221; animation_delay=&#8221;1300ms&#8221; global_colors_info=&#8221;{}&#8221;]<\/p>\n<p><span style=\"font-size: 15px;\">A G\u00e1briel Seg\u00edt\u0151 K\u00f6z\u00f6ss\u00e9g \u00f6nk\u00e9ntes csapata nemcsak az adom\u00e1nyok \u00e1tv\u00e9tel\u00e9t \u00e9s a r\u00e1szorul\u00f3khoz val\u00f3 eljuttat\u00e1s\u00e1t v\u00e1llalja, hanem dokument\u00e1lja is a felaj\u00e1nl\u00e1sok \u00e1tv\u00e9tel\u00e9t, \u00e9s kommunik\u00e1lja social platformjain megfelel\u0151 kereteken bel\u00fcl.<\/span><span style=\"font-weight: 400;\"><\/span><\/p>\n<p>&nbsp;<\/p>\n<p>[\/et_pb_text][\/et_pb_column][et_pb_column type=&#8221;1_3&#8243; _builder_version=&#8221;4.21.0&#8243; _module_preset=&#8221;default&#8221; global_colors_info=&#8221;{}&#8221;][et_pb_image src=&#8221;https:\/\/gabrielsegitseg.hu\/v2\/wp-content\/uploads\/2023\/08\/IMG-57341.jpg&#8221; title_text=&#8221;IMG-5734%911%93&#8243; _builder_version=&#8221;4.17.6&#8243; _module_preset=&#8221;default&#8221; min_height=&#8221;263.3px&#8221; custom_margin=&#8221;||4px|||&#8221; custom_padding=&#8221;||25px|||&#8221; global_colors_info=&#8221;{}&#8221;][\/et_pb_image][et_pb_text _builder_version=&#8221;4.17.6&#8243; _module_preset=&#8221;c943e492-8b79-4a6c-bc8f-b18a75d3ee26&#8243; header_5_text_color=&#8221;gcid-a2350b10-418b-42fb-a64f-595e76ef52f3&#8243; custom_margin=&#8221;||0px||false|false&#8221; custom_padding=&#8221;0px|||||&#8221; animation_style=&#8221;flip&#8221; animation_direction=&#8221;bottom&#8221; animation_duration=&#8221;1850ms&#8221; animation_delay=&#8221;1300ms&#8221; inline_fonts=&#8221;Work Sans&#8221; global_colors_info=&#8221;{%22gcid-a2350b10-418b-42fb-a64f-595e76ef52f3%22:%91%22header_5_text_color%22%93}&#8221;]<\/p>\n<h5><span style=\"font-family: Work Sans; color: #801638;\">Beteg gyermek k\u00edv\u00e1ns\u00e1g\u00e1nak teljes\u00edt\u00e9se<\/span><\/h5>\n<p>[\/et_pb_text][et_pb_text _builder_version=&#8221;4.17.6&#8243; _module_preset=&#8221;b29ff0c6-372b-4c3e-aacc-759599f2df7b&#8221; text_text_color=&#8221;#000000&#8243; animation_style=&#8221;flip&#8221; animation_direction=&#8221;bottom&#8221; animation_duration=&#8221;1850ms&#8221; animation_delay=&#8221;1300ms&#8221; global_colors_info=&#8221;{}&#8221;]<\/p>\n<p><span style=\"font-weight: 400;\">G\u00e1briel P\u00e9ter, a G\u00e1briel Seg\u00edt\u0151 K\u00f6z\u00f6ss\u00e9g meg\u00e1lmod\u00f3ja a saj\u00e1t egyes\u00fclet\u00e9nek megalap\u00edt\u00e1sa el\u0151tt m\u00e1r k\u00e9t alap\u00edtv\u00e1nnyal is szoros, t\u00e1mogat\u00f3i kapcsolatban \u00e1llt: Csodal\u00e1mpa Alap\u00edtv\u00e1ny, Rem\u00e9ny a Leuk\u00e9mi\u00e1s Gyermekek\u00e9rt Alap\u00edtv\u00e1ny.<\/span><\/p>\n<p>[\/et_pb_text][\/et_pb_column][et_pb_column type=&#8221;1_3&#8243; _builder_version=&#8221;4.21.0&#8243; _module_preset=&#8221;default&#8221; global_colors_info=&#8221;{}&#8221;][et_pb_image src=&#8221;https:\/\/gabrielsegitseg.hu\/v2\/wp-content\/uploads\/2023\/08\/IMG-59891.jpg&#8221; title_text=&#8221;IMG-5989%911%93&#8243; _builder_version=&#8221;4.17.6&#8243; _module_preset=&#8221;default&#8221; global_colors_info=&#8221;{}&#8221;][\/et_pb_image][et_pb_text _builder_version=&#8221;4.17.6&#8243; _module_preset=&#8221;c943e492-8b79-4a6c-bc8f-b18a75d3ee26&#8243; header_5_text_color=&#8221;gcid-a2350b10-418b-42fb-a64f-595e76ef52f3&#8243; custom_margin=&#8221;||0px||false|false&#8221; custom_padding=&#8221;3px|||||&#8221; animation_style=&#8221;flip&#8221; animation_duration=&#8221;1850ms&#8221; animation_delay=&#8221;1300ms&#8221; inline_fonts=&#8221;Work Sans&#8221; global_colors_info=&#8221;{%22gcid-a2350b10-418b-42fb-a64f-595e76ef52f3%22:%91%22header_5_text_color%22%93}&#8221;]<\/p>\n<h5><span style=\"color: #801638; font-family: Work Sans;\">Csal\u00e1dt\u00e1mogat\u00e1s<\/span><\/h5>\n<p>[\/et_pb_text][et_pb_text _builder_version=&#8221;4.17.6&#8243; _module_preset=&#8221;b29ff0c6-372b-4c3e-aacc-759599f2df7b&#8221; text_text_color=&#8221;#000000&#8243; animation_style=&#8221;flip&#8221; animation_direction=&#8221;bottom&#8221; animation_duration=&#8221;1850ms&#8221; animation_delay=&#8221;1300ms&#8221; global_colors_info=&#8221;{}&#8221;]<\/p>\n<p><span style=\"font-weight: 400;\">A program a t\u00e1mogat\u00f3k r\u00e9szv\u00e9tel\u00e9vel folyamatosan lehet\u0151s\u00e9get ny\u00fajt kr\u00edzishelyzetben, ellehetetlen\u00fclt \u00e9lethelyzetben l\u00e9v\u0151 csal\u00e1doknak. A program nem tudja teljesk\u00f6r\u0171en megoldani a csal\u00e1dok kialakult helyzet\u00e9t, de azok \u00e1thidal\u00e1s\u00e1ban nagy seg\u00edts\u00e9get ny\u00fajt.<\/span><\/p>\n<p><span style=\"font-weight: 400;\">\u00a0<\/span><\/p>\n<p>[\/et_pb_text][\/et_pb_column][\/et_pb_row][et_pb_row column_structure=&#8221;1_2,1_2&#8243; custom_padding_last_edited=&#8221;on|tablet&#8221; admin_label=&#8221;beiskol\u00e1z\u00e1s&#8221; _builder_version=&#8221;4.17.6&#8243; _module_preset=&#8221;default&#8221; custom_padding_tablet=&#8221;||0px||false|false&#8221; custom_padding_phone=&#8221;||0px||false|false&#8221; global_colors_info=&#8221;{}&#8221;][et_pb_column type=&#8221;1_2&#8243; _builder_version=&#8221;4.21.0&#8243; _module_preset=&#8221;default&#8221; global_colors_info=&#8221;{}&#8221;][et_pb_image src=&#8221;https:\/\/gabrielsegitseg.hu\/v2\/wp-content\/uploads\/2023\/08\/IMG-57331.jpg&#8221; title_text=&#8221;IMG-5733%911%93&#8243; _builder_version=&#8221;4.17.6&#8243; _module_preset=&#8221;default&#8221; global_colors_info=&#8221;{}&#8221;][\/et_pb_image][et_pb_text _builder_version=&#8221;4.17.6&#8243; _module_preset=&#8221;c943e492-8b79-4a6c-bc8f-b18a75d3ee26&#8243; header_5_text_color=&#8221;gcid-a2350b10-418b-42fb-a64f-595e76ef52f3&#8243; custom_margin=&#8221;||0px||false|false&#8221; animation_style=&#8221;flip&#8221; animation_direction=&#8221;bottom&#8221; animation_duration=&#8221;1850ms&#8221; animation_delay=&#8221;1300ms&#8221; inline_fonts=&#8221;Work Sans&#8221; global_colors_info=&#8221;{%22gcid-a2350b10-418b-42fb-a64f-595e76ef52f3%22:%91%22header_5_text_color%22%93}&#8221;]<\/p>\n<h5><\/h5>\n<p>[\/et_pb_text][et_pb_text _builder_version=&#8221;4.17.6&#8243; _module_preset=&#8221;c943e492-8b79-4a6c-bc8f-b18a75d3ee26&#8243; header_5_text_color=&#8221;gcid-a2350b10-418b-42fb-a64f-595e76ef52f3&#8243; custom_margin=&#8221;-12px||0px||false|false&#8221; custom_padding=&#8221;0px|||||&#8221; animation_style=&#8221;flip&#8221; animation_direction=&#8221;bottom&#8221; animation_duration=&#8221;1850ms&#8221; animation_delay=&#8221;1300ms&#8221; inline_fonts=&#8221;Work Sans&#8221; global_colors_info=&#8221;{%22gcid-a2350b10-418b-42fb-a64f-595e76ef52f3%22:%91%22header_5_text_color%22%93}&#8221;]<\/p>\n<h5><span style=\"color: #801638; font-family: 'Work Sans';\">Beiskol\u00e1z\u00e1s<\/span><\/h5>\n<p>[\/et_pb_text][et_pb_text _builder_version=&#8221;4.17.6&#8243; _module_preset=&#8221;b29ff0c6-372b-4c3e-aacc-759599f2df7b&#8221; text_text_color=&#8221;#000000&#8243; animation_style=&#8221;flip&#8221; animation_duration=&#8221;1850ms&#8221; animation_delay=&#8221;1300ms&#8221; global_colors_info=&#8221;{}&#8221;]<\/p>\n<p><span style=\"font-weight: 400;\">K\u00f6z\u00f6ss\u00e9g\u00fcnk kiemelten fontosnak tartja a r\u00e1szorul\u00f3 csal\u00e1dok v\u00e9delm\u00e9t, \u00edgy azt is, hogy a beiskol\u00e1z\u00e1ssal j\u00e1r\u00f3 plusz terhek r\u00e9szben vagy eg\u00e9szben t\u00f6rt\u00e9n\u0151 \u00e1tv\u00e9tel\u00e9ben is seg\u00edthess\u00fck \u0151ket. Azon csal\u00e1dok r\u00e9sz\u00e9re, akiknek m\u00e1r a mindennapi \u00e9let\u00fck fenntart\u00e1sa is megterhel\u00e9st jelent, a beiskol\u00e1z\u00e1ssal j\u00e1r\u00f3 plusz k\u00f6lts\u00e9gek \u00e9s feladatok v\u00e9gk\u00e9pp felem\u00e9sztik anyagi forr\u00e1saikat.<\/span><\/p>\n<p><span style=\"font-weight: 400;\">Befogadjuk kifejezetten az iskolakezd\u00e9ssel j\u00e1r\u00f3 haszn\u00e1lati eszk\u00f6z\u00f6k (iskolat\u00e1ska, tanszerek, iskola eszk\u00f6z\u00f6k stb.) felaj\u00e1nl\u00e1s\u00e1t t\u00e1rgyi adom\u00e1ny \u00e9s a felszerel\u00e9sek megv\u00e9tel\u00e9hez hozz\u00e1j\u00e1rul\u00f3 utal\u00e1s form\u00e1j\u00e1ban is. A felaj\u00e1nl\u00e1sra ez esetben is mag\u00e1nszem\u00e9lyk\u00e9nt \u00e9s c\u00e9ges form\u00e1ban is van lehet\u0151s\u00e9g.<\/span><\/p>\n<p><span style=\"font-weight: 400;\">\u00a0<\/span><\/p>\n<p>[\/et_pb_text][\/et_pb_column][et_pb_column type=&#8221;1_2&#8243; _builder_version=&#8221;4.21.0&#8243; _module_preset=&#8221;default&#8221; global_colors_info=&#8221;{}&#8221;][et_pb_image src=&#8221;https:\/\/gabrielsegitseg.hu\/v2\/wp-content\/uploads\/2023\/08\/IMG-56951.jpg&#8221; title_text=&#8221;IMG-5695%911%93&#8243; _builder_version=&#8221;4.17.6&#8243; _module_preset=&#8221;default&#8221; global_colors_info=&#8221;{}&#8221;][\/et_pb_image][et_pb_text _builder_version=&#8221;4.17.6&#8243; _module_preset=&#8221;c943e492-8b79-4a6c-bc8f-b18a75d3ee26&#8243; header_5_text_color=&#8221;gcid-a2350b10-418b-42fb-a64f-595e76ef52f3&#8243; custom_margin=&#8221;||0px||false|false&#8221; animation_style=&#8221;flip&#8221; animation_direction=&#8221;bottom&#8221; animation_duration=&#8221;1850ms&#8221; animation_delay=&#8221;1300ms&#8221; inline_fonts=&#8221;Work Sans&#8221; global_colors_info=&#8221;{%22gcid-a2350b10-418b-42fb-a64f-595e76ef52f3%22:%91%22header_5_text_color%22%93}&#8221;]<\/p>\n<h5><span style=\"color: #801638; font-family: 'Work Sans';\">Iskolak\u00f6z\u00f6ss\u00e9gi szolg\u00e1lat<\/span><\/h5>\n<p>[\/et_pb_text][et_pb_text _builder_version=&#8221;4.17.6&#8243; _module_preset=&#8221;b29ff0c6-372b-4c3e-aacc-759599f2df7b&#8221; text_text_color=&#8221;#000000&#8243; animation_style=&#8221;flip&#8221; animation_direction=&#8221;bottom&#8221; animation_duration=&#8221;1850ms&#8221; animation_delay=&#8221;1300ms&#8221; global_colors_info=&#8221;{}&#8221;]<\/p>\n<p><span style=\"font-weight: 400;\">G\u00e1briel P\u00e9ter \u00e9s a hozz\u00e1 tartoz\u00f3 c\u00e9gcsoport, valamint megl\u00e9v\u0151 \u00e9s leend\u0151 t\u00e1mogat\u00f3ink finansz\u00edroz\u00e1s\u00e1val \u00e9s \u00f6nk\u00e9ntes seg\u00edt\u0151ink szerepv\u00e1llal\u00e1s\u00e1val ker\u00fcl minden \u00e9vben ny\u00e1r v\u00e9g\u00e9n megrendez\u00e9sre a G\u00e1briel \u00c9lm\u00e9nynapok elnevez\u00e9s\u0171 rendezv\u00e9ny.<\/span><\/p>\n<p><span style=\"font-weight: 400;\">A r\u00e1szorul\u00f3, r\u00e9sztvev\u0151 gyerekek sz\u00fcleinek jelentkez\u00e9se mellett olyan \u00f6nk\u00e9ntes seg\u00edt\u0151k jelentkez\u00e9s\u00e9t is fogadjuk, akik ak\u00e1r di\u00e1kk\u00e9nt, a k\u00f6telez\u0151 iskolai k\u00f6z\u00f6ss\u00e9gi szolg\u00e1lat 50 \u00f3r\u00e1j\u00e1t itt, adom\u00e1ny form\u00e1j\u00e1ban adn\u00e1k meg. <\/span><span style=\"font-weight: 400;\"><\/span><\/p>\n<p>[\/et_pb_text][\/et_pb_column][\/et_pb_row][\/et_pb_section][et_pb_section fb_built=&#8221;1&#8243; admin_label=&#8221;Call to Action&#8221; _builder_version=&#8221;4.21.0&#8243; _module_preset=&#8221;default&#8221; background_color=&#8221;gcid-e787f6e4-87be-4325-83ae-4380ef468485&#8243; collapsed=&#8221;on&#8221; global_colors_info=&#8221;{%22gcid-e787f6e4-87be-4325-83ae-4380ef468485%22:%91%22background_color%22%93}&#8221;][et_pb_row _builder_version=&#8221;4.21.0&#8243; _module_preset=&#8221;default&#8221; max_width=&#8221;900px&#8221; global_colors_info=&#8221;{}&#8221;][et_pb_column type=&#8221;4_4&#8243; _builder_version=&#8221;4.21.0&#8243; _module_preset=&#8221;default&#8221; global_colors_info=&#8221;{}&#8221;][et_pb_text _builder_version=&#8221;4.17.6&#8243; _module_preset=&#8221;73681435-af33-4b9f-b6fe-f7ed54d7e884&#8243; header_3_text_color=&#8221;gcid-4a53c4f2-10a4-4df5-aae5-66892dee9e02&#8243; text_orientation=&#8221;center&#8221; locked=&#8221;off&#8221; inline_fonts=&#8221;Work Sans,Arial&#8221; global_colors_info=&#8221;{%22gcid-4a53c4f2-10a4-4df5-aae5-66892dee9e02%22:%91%22header_3_text_color%22%93}&#8221;]<\/p>\n<h3><span style=\"font-family: Arial; color: #801638; font-weight: normal;\">LEGY\u00c9L TE IS T\u00c1MOGAT\u00d3<\/span><\/h3>\n<p><b>C\u00e9ges adom\u00e1nyoz\u00e1s eset\u00e9n ig\u00e9nybe vehet\u0151 kedvezm\u00e9nyek<\/b><\/p>\n<p>[\/et_pb_text][et_pb_text _builder_version=&#8221;4.17.6&#8243; _module_preset=&#8221;b5371408-7e4c-4160-a57d-5bca8d49d171&#8243; text_text_color=&#8221;#000000&#8243; text_orientation=&#8221;center&#8221; locked=&#8221;off&#8221; global_colors_info=&#8221;{}&#8221;]<\/p>\n<p><span style=\"font-weight: 400;\">A G\u00e1briel Seg\u00edt\u0151 K\u00f6z\u00f6ss\u00e9g egyes\u00fcletk\u00e9nt m\u0171k\u00f6dik. A t\u00e1rsas\u00e1gi ad\u00f3 alanya jogosult a t\u00e1rsas\u00e1gi ad\u00f3val kapcsolatos kedvezm\u00e9nyek, \u00edgy az adom\u00e1nyhoz kapcsol\u00f3d\u00f3 kedvezm\u00e9ny \u00e9rv\u00e9nyes\u00edt\u00e9s\u00e9re.<\/span><\/p>\n<p>[\/et_pb_text][et_pb_button button_url=&#8221;https:\/\/gabrielsegitseg.hu\/v2\/ceges-adomanyozas-uj\/&#8221; button_text=&#8221;TOV\u00c1BB &#8221; button_alignment=&#8221;center&#8221; _builder_version=&#8221;4.17.6&#8243; _module_preset=&#8221;e9610ce7-4abf-4134-ba1f-bb8e77f11b11&#8243; button_bg_color=&#8221;#801638&#8243; animation_style=&#8221;zoom&#8221; animation_duration=&#8221;1800ms&#8221; animation_intensity_zoom=&#8221;87%&#8221; animation_starting_opacity=&#8221;93%&#8221; locked=&#8221;off&#8221; global_colors_info=&#8221;{}&#8221;][\/et_pb_button][\/et_pb_column][\/et_pb_row][\/et_pb_section]<\/p>\n","protected":false},"excerpt":{"rendered":"<p>ADOM\u00c1NYOZ\u00c1SMIR\u0150L SZ\u00d3L \u00c9S MI A FELADATUNK?A G\u00e1briel Seg\u00edt\u0151 K\u00f6z\u00f6ss\u00e9g \u00f6nk\u00e9ntes csapata t\u00f6bbf\u00e9le form\u00e1ban v\u00e1rja felaj\u00e1nl\u00e1saikat.\u00a0 Egyes\u00fclet\u00fcnk\u00f6n kereszt\u00fcl mag\u00e1nszem\u00e9lyk\u00e9nt \u00e9s c\u00e9ges form\u00e1ban is van lehet\u0151s\u00e9g felaj\u00e1nl\u00e1sra. \u00a0Ruhanem\u0171t, tart\u00f3s \u00e9lelmiszert, tiszt\u00edt\u00f3- \u00e9s tiszt\u00e1lkod\u00f3 szereket, b\u00fatorokat, j\u00e1t\u00e9kokat \u00e9s olyan haszn\u00e1lati t\u00e1rgyakat, amelyekre egy csal\u00e1dnak sz\u00fcks\u00e9ge van. A t\u00e1rgyi felaj\u00e1nl\u00e1sokon k\u00edv\u00fcl egy\u00e9b hasznos szolg\u00e1ltat\u00e1sok felaj\u00e1nl\u00e1s\u00e1t is sz\u00edvesen fogadjuk \u00e9s [&hellip;]<\/p>\n","protected":false},"author":6,"featured_media":0,"parent":0,"menu_order":0,"comment_status":"closed","ping_status":"closed","template":"","meta":{"_et_pb_use_builder":"on","_et_pb_old_content":"","_et_gb_content_width":"","om_disable_all_campaigns":false},"aioseo_notices":[],"_links":{"self":[{"href":"https:\/\/gabrielsegitseg.hu\/v2\/wp-json\/wp\/v2\/pages\/238608"}],"collection":[{"href":"https:\/\/gabrielsegitseg.hu\/v2\/wp-json\/wp\/v2\/pages"}],"about":[{"href":"https:\/\/gabrielsegitseg.hu\/v2\/wp-json\/wp\/v2\/types\/page"}],"author":[{"embeddable":true,"href":"https:\/\/gabrielsegitseg.hu\/v2\/wp-json\/wp\/v2\/users\/6"}],"replies":[{"embeddable":true,"href":"https:\/\/gabrielsegitseg.hu\/v2\/wp-json\/wp\/v2\/comments?post=238608"}],"version-history":[{"count":31,"href":"https:\/\/gabrielsegitseg.hu\/v2\/wp-json\/wp\/v2\/pages\/238608\/revisions"}],"predecessor-version":[{"id":239049,"href":"https:\/\/gabrielsegitseg.hu\/v2\/wp-json\/wp\/v2\/pages\/238608\/revisions\/239049"}],"wp:attachment":[{"href":"https:\/\/gabrielsegitseg.hu\/v2\/wp-json\/wp\/v2\/media?parent=238608"}],"curies":[{"name":"wp","href":"https:\/\/api.w.org\/{rel}","templated":true}]}}